{"id":782,"date":"2017-11-06T17:52:07","date_gmt":"2017-11-06T16:52:07","guid":{"rendered":"https:\/\/www.vis-ais.ch\/?page_id=782"},"modified":"2026-04-08T10:59:47","modified_gmt":"2026-04-08T08:59:47","slug":"nos-membres","status":"publish","type":"page","link":"https:\/\/www.vis-ais.ch\/fr\/nos-membres\/","title":{"rendered":"Nos Membres"},"content":{"rendered":"<p>[spb_text_block animation=&#8221;none&#8221; animation_delay=&#8221;0&#8243; simplified_controls=&#8221;yes&#8221; custom_css_percentage=&#8221;no&#8221; padding_vertical=&#8221;0&#8243; padding_horizontal=&#8221;0&#8243; margin_vertical=&#8221;0&#8243; custom_css=&#8221;margin-top: 0px;margin-bottom: 0px;&#8221; border_size=&#8221;0&#8243; border_styling_global=&#8221;default&#8221; width=&#8221;1\/2&#8243; el_position=&#8221;first&#8221;]<\/p>\n<p>L\u2019AIS propose aux investisseurs qui s\u2019engagent sur le march\u00e9 de l\u2019immobilier helv\u00e9tique de nombreux contacts dans le secteur, la politique et l\u2019\u00e9conomie, des informations \u00e0 valeur ajout\u00e9e ainsi que l\u2019assurance d\u2019un engagement sans faille en faveur de conditions-cadres optimales.<\/p>\n<p>Avantages pour les membres:<\/p>\n<ul>\n<li>un acc\u00e8s exclusif aux d\u00e9veloppements \u00e9conomiques et politiques;<\/li>\n<li>une repr\u00e9sentation de leurs int\u00e9r\u00eats sur le long terme;<\/li>\n<li>des manifestations innovantes, des assembl\u00e9es de membres \u00e0 Zurich;<\/li>\n<li>des manifestations sous forme de session exclusives avec des parlementaires;<\/li>\n<li>des revues de presse et analyses de la presse;<\/li>\n<li>des courriers d\u2019information sur les d\u00e9veloppements internationaux, nationaux et r\u00e9gionaux;<\/li>\n<li>un document de prise de position sur les questions et dossiers importants;<\/li>\n<li>des r\u00e9ponses types de consultation de directives nationales, cantonales et communales.<\/li>\n<\/ul>\n<p>Notre r\u00e9seau s\u2019articule autour de nos manifestations!<\/p>\n<p>[\/spb_text_block] [spb_text_block animation=&#8221;none&#8221; animation_delay=&#8221;0&#8243; simplified_controls=&#8221;yes&#8221; custom_css_percentage=&#8221;no&#8221; padding_vertical=&#8221;0&#8243; padding_horizontal=&#8221;0&#8243; margin_vertical=&#8221;0&#8243; custom_css=&#8221;margin-top: 0px;margin-bottom: 0px;&#8221; border_size=&#8221;0&#8243; border_styling_global=&#8221;default&#8221; width=&#8221;1\/2&#8243; el_position=&#8221;last&#8221;]<\/p>\n<p>Nous souhaitons la bienvenue aux propri\u00e9taires immobiliers priv\u00e9s et institutionnels, aux investisseurs et aux entreprises de gestion immobili\u00e8re!<\/p>\n<p><a href=\"http:\/\/www.vis-ais.ch\/fr\/nos-membres\/formulaire-dadhesion\/\" target=\"_self\" rel=\"noopener\">Formulaire d&#8217;adh\u00e9sion<\/a><\/p>\n<p>Nos membres sont:<\/p>\n<ul>\n<li>des investisseurs immobiliers institutionnels;<\/li>\n<li>des investisseurs immobiliers priv\u00e9s;<\/li>\n<li>des services immobiliers d\u2019\u00e9tablissements financiers et de compagnies d\u2019assurance;<\/li>\n<li>des soci\u00e9t\u00e9s anonymes immobili\u00e8res;<\/li>\n<li>des soci\u00e9t\u00e9s de fonds immobiliers;<\/li>\n<li>des fondations de placement immobilier;<\/li>\n<li>des caisses de pension;<\/li>\n<li>des soci\u00e9t\u00e9s immobili\u00e8res en partie ou enti\u00e8rement priv\u00e9es;<\/li>\n<li>des services de gestion immobili\u00e8re, de gestion de portefeuille et de gestion d\u2019actifs d\u2019entreprises priv\u00e9es.<\/li>\n<\/ul>\n<p>[\/spb_text_block] [spb_row element_name=&#8221;Mitglieder&#8221; wrap_type=&#8221;full-width-contained&#8221; row_bg_type=&#8221;color&#8221; row_bg_color=&#8221;#e7edf5&#8243; color_row_height=&#8221;content-height&#8221; bg_type=&#8221;cover&#8221; parallax_image_height=&#8221;content-height&#8221; parallax_image_movement=&#8221;fixed&#8221; parallax_image_speed=&#8221;standard&#8221; bg_video_loop=&#8221;yes&#8221; parallax_video_height=&#8221;window-height&#8221; row_top_style=&#8221;none&#8221; row_bottom_style=&#8221;none&#8221; parallax_video_overlay=&#8221;none&#8221; row_overlay_opacity=&#8221;0&#8243; remove_element_spacing=&#8221;no&#8221; row_col_spacing=&#8221;0&#8243; row_col_pos=&#8221;default&#8221; row_col_equal_heights=&#8221;no&#8221; row_expanding=&#8221;no&#8221; row_animation=&#8221;none&#8221; row_animation_delay=&#8221;0&#8243; minimize_row=&#8221;no&#8221; simplified_controls=&#8221;no&#8221; custom_css_percentage=&#8221;no&#8221; custom_css=&#8221;margin-top: 55px;margin-bottom: 0px;padding-top: 55px;padding-bottom: 55px;&#8221; border_styling_global=&#8221;default&#8221; el_class=&#8221;members&#8221; width=&#8221;1\/1&#8243; el_position=&#8221;first last&#8221;] [spb_image image=&#8221;302&#8243; image_size=&#8221;full&#8221; image_width=&#8221;50%&#8221; frame=&#8221;noframe&#8221; caption_pos=&#8221;below&#8221; remove_rounded=&#8221;yes&#8221; fullwidth=&#8221;no&#8221; overflow_mode=&#8221;none&#8221; image_link=&#8221;http:\/\/www.acanthe.ch\/&#8221; link_target=&#8221;_blank&#8221; lightbox=&#8221;no&#8221; intro_animation=&#8221;none&#8221; animation_delay=&#8221;200&#8243; width=&#8221;1\/4&#8243; el_position=&#8221;first&#8221;]<\/p>\n<div>\n<h5 style=\"text-align: left;\">Acanthe SA<\/h5>\n<p style=\"text-align: left;\">14-16, avenue Eug\u00e8ne Pittard<br \/>\nCase postale 6195<br \/>\n1211 Gen\u00e8ve 6<\/p>\n<p style=\"text-align: left;\"><a href=\"http:\/\/www.acanthe.ch\/\" target=\"_blank\" rel=\"noopener\">www.acanthe.ch<\/a><\/p>\n<\/div>\n<p>[\/spb_image] [spb_image image=&#8221;292&#8243; image_size=&#8221;full&#8221; frame=&#8221;noframe&#8221; caption_pos=&#8221;below&#8221; remove_rounded=&#8221;yes&#8221; fullwidth=&#8221;no&#8221; overflow_mode=&#8221;none&#8221; image_link=&#8221;http:\/\/www.acanthe.ch\/&#8221; link_target=&#8221;_blank&#8221; lightbox=&#8221;no&#8221; intro_animation=&#8221;none&#8221; animation_delay=&#8221;200&#8243; width=&#8221;1\/4&#8243;]<\/p>\n<div>\n<h5 style=\"text-align: left;\">Alfred M\u00fcller AG<\/h5>\n<p class=\"member_body_adress\" style=\"text-align: left;\">Neuhofstrasse 10<br \/>\n6340 Baar<\/p>\n<p class=\"member_body_website\" style=\"text-align: left;\"><a href=\"http:\/\/www.alfred-mueller.ch\/\" target=\"_blank\" rel=\"noopener\">www.alfred-mueller.ch<\/a><\/p>\n<\/div>\n<p>[\/spb_image] [spb_image image=&#8221;293&#8243; image_size=&#8221;full&#8221; frame=&#8221;noframe&#8221; caption_pos=&#8221;below&#8221; remove_rounded=&#8221;yes&#8221; fullwidth=&#8221;no&#8221; overflow_mode=&#8221;none&#8221; image_link=&#8221;http:\/\/www.acanthe.ch\/&#8221; link_target=&#8221;_blank&#8221; lightbox=&#8221;no&#8221; intro_animation=&#8221;none&#8221; animation_delay=&#8221;200&#8243; width=&#8221;1\/4&#8243;]<\/p>\n<div>\n<h5 style=\"text-align: left;\">Allianz Suisse Immobilien AG<\/h5>\n<p class=\"member_body_adress\" style=\"text-align: left;\">Richtiplatz 1<br \/>\n8304 Wallisellen<\/p>\n<p class=\"member_body_website\" style=\"text-align: left;\"><a href=\"http:\/\/www.allianz.ch\/immo\" target=\"_blank\" rel=\"noopener\">www.allianz.ch\/immo<\/a><\/p>\n<\/div>\n<p>[\/spb_image] [spb_image image=&#8221;294&#8243; image_size=&#8221;full&#8221; frame=&#8221;noframe&#8221; caption_pos=&#8221;below&#8221; remove_rounded=&#8221;yes&#8221; fullwidth=&#8221;no&#8221; overflow_mode=&#8221;none&#8221; image_link=&#8221;http:\/\/www.allreal.ch\/&#8221; link_target=&#8221;_blank&#8221; lightbox=&#8221;no&#8221; intro_animation=&#8221;none&#8221; animation_delay=&#8221;200&#8243; width=&#8221;1\/4&#8243; el_position=&#8221;last&#8221;]<\/p>\n<h5 style=\"text-align: left;\">Allreal Holding AG<\/h5>\n<p class=\"member_body_adress\" style=\"text-align: left;\">Grabenstrasse 25<br \/>\n6340 Baar<\/p>\n<p class=\"member_body_website\" style=\"text-align: left;\"><a href=\"http:\/\/www.allreal.ch\/\" target=\"_blank\" rel=\"noopener\">www.allreal.ch<\/a><\/p>\n<p>[\/spb_image] [spb_image image=&#8221;2889&#8243; image_size=&#8221;full&#8221; frame=&#8221;noframe&#8221; caption_pos=&#8221;below&#8221; remove_rounded=&#8221;yes&#8221; fullwidth=&#8221;no&#8221; overflow_mode=&#8221;none&#8221; image_link=&#8221;https:\/\/www.auwiesen.ch\/&#8221; link_target=&#8221;_blank&#8221; lightbox=&#8221;no&#8221; intro_animation=&#8221;none&#8221; animation_delay=&#8221;200&#8243; width=&#8221;1\/4&#8243; el_position=&#8221;first&#8221;]<\/p>\n<h5 style=\"text-align: left;\">Auwiesen Immobilien AG<\/h5>\n<p class=\"member_body_adress\" style=\"text-align: left;\"><span class=\"LrzXr\">Klosterstrasse 17<br \/>\n8406 Winterthur<\/span><\/p>\n<p class=\"member_body_website\" style=\"text-align: left;\"><a href=\"https:\/\/www.auwiesen.ch\/\">www.auwiesen.ch<\/a><\/p>\n<p>[\/spb_image] [spb_image image=&#8221;1934&#8243; image_size=&#8221;full&#8221; frame=&#8221;noframe&#8221; caption_pos=&#8221;below&#8221; remove_rounded=&#8221;yes&#8221; fullwidth=&#8221;no&#8221; overflow_mode=&#8221;none&#8221; image_link=&#8221;http:\/\/www.asga.ch\/&#8221; link_target=&#8221;_blank&#8221; lightbox=&#8221;no&#8221; intro_animation=&#8221;none&#8221; animation_delay=&#8221;200&#8243; width=&#8221;1\/4&#8243;]<\/p>\n<div>\n<h5 style=\"text-align: left;\">ASGA Pensionskasse Genossenschaft<\/h5>\n<p class=\"member_body_adress\" style=\"text-align: left;\">Rosenbergstrasse 16<br \/>\nCase postale 146<br \/>\n9001 St. Gallen<\/p>\n<p class=\"member_body_website\" style=\"text-align: left;\"><a href=\"http:\/\/www.asga.ch\/\" target=\"_blank\" rel=\"noopener\">www.asga.ch<\/a><\/p>\n<\/div>\n<p>[\/spb_image] [spb_image image=&#8221;3095&#8243; image_size=&#8221;full&#8221; frame=&#8221;noframe&#8221; caption_pos=&#8221;below&#8221; remove_rounded=&#8221;yes&#8221; fullwidth=&#8221;no&#8221; overflow_mode=&#8221;none&#8221; image_link=&#8221;http:\/\/www.assetimmo.ch\/&#8221; link_target=&#8221;_blank&#8221; lightbox=&#8221;no&#8221; intro_animation=&#8221;none&#8221; animation_delay=&#8221;200&#8243; width=&#8221;1\/4&#8243;]<\/p>\n<h5 style=\"text-align: left;\">assetimmo<br \/>\nFondation<br \/>\nde placements immobiliers<\/h5>\n<p class=\"member_body_adress\" style=\"text-align: left;\">Badenerstrasse 329<br \/>\n8003 Z\u00fcrich<\/p>\n<p class=\"member_body_website\" style=\"text-align: left;\"><a href=\"http:\/\/www.assetimmo.ch\/\" target=\"_blank\" rel=\"noopener\">www.assetimmo.ch<\/a><\/p>\n<p>[\/spb_image] [spb_image image=&#8221;310&#8243; image_size=&#8221;full&#8221; frame=&#8221;noframe&#8221; caption_pos=&#8221;below&#8221; remove_rounded=&#8221;yes&#8221; fullwidth=&#8221;no&#8221; overflow_mode=&#8221;none&#8221; image_link=&#8221;http:\/\/www.avadis.ch\/&#8221; link_target=&#8221;_blank&#8221; lightbox=&#8221;no&#8221; intro_animation=&#8221;none&#8221; animation_delay=&#8221;200&#8243; width=&#8221;1\/4&#8243; el_position=&#8221;last&#8221;]<\/p>\n<h5 class=\"member_body\" style=\"text-align: left;\">AVADIS Anlagestiftung<\/h5>\n<p style=\"text-align: left;\">Zollstrasse 42<br \/>\n8005 Zurich<\/p>\n<div class=\"plugin plugin_member\">\n<div class=\"member_body\">\n<div class=\"member_body_adress\">\n<p class=\"member_body_website\" style=\"text-align: left;\"><a href=\"http:\/\/www.avadis.ch\/\" target=\"_blank\" rel=\"noopener\">www.avadis.ch<\/a><\/p>\n<\/div>\n<\/div>\n<\/div>\n<div class=\"plugin plugin_member\"><\/div>\n<p>[\/spb_image] [spb_image image=&#8221;311&#8243; image_size=&#8221;full&#8221; frame=&#8221;noframe&#8221; caption_pos=&#8221;below&#8221; remove_rounded=&#8221;yes&#8221; fullwidth=&#8221;no&#8221; overflow_mode=&#8221;none&#8221; image_link=&#8221;http:\/\/www.axa-im.ch\/&#8221; link_target=&#8221;_blank&#8221; lightbox=&#8221;no&#8221; intro_animation=&#8221;none&#8221; animation_delay=&#8221;200&#8243; width=&#8221;1\/4&#8243; el_position=&#8221;first&#8221;]<\/p>\n<div>\n<h5 class=\"member_body\" style=\"text-align: left;\">AXA Investment Managers Schweiz AG<\/h5>\n<p style=\"text-align: left;\">Affolternstrasse 42<br \/>\nCase postale 6949<br \/>\n8050 Z\u00fcrich<\/p>\n<\/div>\n<div>\n<div class=\"member_body_adress\">\n<p class=\"member_body_website\" style=\"text-align: left;\"><a href=\"http:\/\/www.axa-im.ch\/\" target=\"_blank\" rel=\"noopener\">www.axa-im.ch<\/a><\/p>\n<\/div>\n<p class=\"member_body_website\" style=\"text-align: left;\">\n<\/div>\n<p>[\/spb_image] [spb_image image=&#8221;105314&#8243; image_size=&#8221;full&#8221; frame=&#8221;noframe&#8221; caption_pos=&#8221;below&#8221; remove_rounded=&#8221;yes&#8221; fullwidth=&#8221;no&#8221; overflow_mode=&#8221;none&#8221; image_link=&#8221;https:\/\/www.baloise.com\/fr\/home.html&#8221; link_target=&#8221;_blank&#8221; lightbox=&#8221;yes&#8221; intro_animation=&#8221;none&#8221; animation_delay=&#8221;200&#8243; width=&#8221;1\/4&#8243;]<\/p>\n<h5 class=\"member_body\" style=\"text-align: left;\">Baloise Asset Management AG<\/h5>\n<p style=\"text-align: left;\">Aeschengraben 21<br \/>\nCase postale<br \/>\n4002 B\u00e2le<\/p>\n<div class=\"member_body_adress\">\n<p class=\"member_body_website\" style=\"text-align: left;\"><a href=\"https:\/\/www.baloise.com\/fr\/home.html\" target=\"_blank\" rel=\"noopener\">www.baloise.ch<\/a><\/p>\n<\/div>\n<p>[\/spb_image] [spb_image image=&#8221;484&#8243; image_size=&#8221;full&#8221; frame=&#8221;noframe&#8221; caption_pos=&#8221;below&#8221; remove_rounded=&#8221;yes&#8221; fullwidth=&#8221;no&#8221; overflow_mode=&#8221;none&#8221; image_link=&#8221;www.bvk.ch&#8221; link_target=&#8221;_blank&#8221; lightbox=&#8221;no&#8221; intro_animation=&#8221;none&#8221; animation_delay=&#8221;200&#8243; width=&#8221;1\/4&#8243;]<\/p>\n<h5 class=\"member_body\" style=\"text-align: left;\">BVK<br \/>\nPersonalvorsorge<br \/>\ndes Kantons Z\u00fcrich<\/h5>\n<p style=\"text-align: left;\">Obstgartenstrasse 21<br \/>\n8006 Z\u00fcrch<\/p>\n<p style=\"text-align: left;\"><a href=\"http:\/\/www.bvk.ch\" target=\"_blank\" rel=\"noopener\">www.bvk.ch<\/a><\/p>\n<p>[\/spb_image] [spb_image image=&#8221;106274&#8243; image_size=&#8221;full&#8221; frame=&#8221;noframe&#8221; caption_pos=&#8221;below&#8221; remove_rounded=&#8221;yes&#8221; fullwidth=&#8221;no&#8221; overflow_mode=&#8221;none&#8221; image_link=&#8221;https:\/\/www.chamgroup.ch\/&#8221; link_target=&#8221;_blank&#8221; lightbox=&#8221;yes&#8221; intro_animation=&#8221;none&#8221; animation_delay=&#8221;200&#8243; width=&#8221;1\/4&#8243; el_position=&#8221;last&#8221;]<\/p>\n<h5 class=\"member_body\" style=\"text-align: left;\">Cham Swiss Properties<\/h5>\n<p class=\"member_body_adress\" style=\"text-align: left;\">Fabrikstrasse 5<br \/>\n6330 Cham<\/p>\n<p style=\"text-align: left;\"><a href=\"https:\/\/www.champroperties.ch\/\" target=\"_blank\" rel=\"noopener\">www.champroperties.ch<\/a><\/p>\n<p>[\/spb_image] [spb_image image=&#8221;105926&#8243; image_size=&#8221;full&#8221; frame=&#8221;noframe&#8221; caption_pos=&#8221;below&#8221; remove_rounded=&#8221;yes&#8221; fullwidth=&#8221;no&#8221; overflow_mode=&#8221;none&#8221; image_link=&#8221;http:\/\/www.css.ch\/&#8221; link_target=&#8221;_blank&#8221; lightbox=&#8221;no&#8221; intro_animation=&#8221;none&#8221; animation_delay=&#8221;200&#8243; width=&#8221;1\/4&#8243; el_position=&#8221;first&#8221;]<\/p>\n<div>\n<h5 class=\"member_body\" style=\"text-align: left;\">CSS Versicherung<\/h5>\n<p class=\"member_body_adress\" style=\"text-align: left;\">Tribschachenstrasse 21<br \/>\nCase postale 2568<br \/>\n6005 Luzern<\/p>\n<p class=\"member_body_website\" style=\"text-align: left;\"><a href=\"http:\/\/www.css.ch\/\" target=\"_blank\" rel=\"noopener\">www.css.ch<\/a><\/p>\n<p style=\"text-align: left;\">\n<\/div>\n<p>[\/spb_image] [spb_image image=&#8221;500&#8243; image_size=&#8221;full&#8221; frame=&#8221;noframe&#8221; caption_pos=&#8221;below&#8221; remove_rounded=&#8221;yes&#8221; fullwidth=&#8221;no&#8221; overflow_mode=&#8221;none&#8221; image_link=&#8221;http:\/\/www.cpvcap.ch\/&#8221; link_target=&#8221;_blank&#8221; lightbox=&#8221;no&#8221; intro_animation=&#8221;none&#8221; animation_delay=&#8221;200&#8243; width=&#8221;1\/4&#8243;]<\/p>\n<h5 class=\"member_body\" style=\"text-align: left;\">CPV \/ CAP Pensionskasse COOP<\/h5>\n<p class=\"member_body_adress\" style=\"text-align: left;\">Dornacherstrasse 154<br \/>\nCase postale 2550<br \/>\n4002 B\u00e2le<\/p>\n<p class=\"member_body_website\" style=\"text-align: left;\"><a href=\"http:\/\/www.cpvcap.ch\/\" target=\"_blank\" rel=\"noopener\">www.cpvcap.ch<\/a><\/p>\n<div class=\"member_body_adress\"><\/div>\n<p>[\/spb_image] [spb_image image=&#8221;893&#8243; image_size=&#8221;full&#8221; frame=&#8221;noframe&#8221; caption_pos=&#8221;below&#8221; remove_rounded=&#8221;yes&#8221; fullwidth=&#8221;no&#8221; overflow_mode=&#8221;none&#8221; image_link=&#8221;http:\/\/www.espacereal.ch\/&#8221; link_target=&#8221;_blank&#8221; lightbox=&#8221;no&#8221; intro_animation=&#8221;none&#8221; animation_delay=&#8221;200&#8243; width=&#8221;1\/4&#8243;]<\/p>\n<h5 class=\"member_body\" style=\"text-align: left;\">Espace Real Estate AG<\/h5>\n<p class=\"member_body_adress\" style=\"text-align: left;\">Zuchwilerstrasse 43<br \/>\n4501 Solothurn<\/p>\n<p class=\"member_body_adress\" style=\"text-align: left;\"><a href=\"http:\/\/www.espacereal.ch\/\" target=\"_blank\" rel=\"noopener\">www.espacereal.ch<\/a><\/p>\n<div class=\"member_body_adress\"><\/div>\n<p>[\/spb_image] [spb_image image=&#8221;895&#8243; image_size=&#8221;full&#8221; frame=&#8221;noframe&#8221; caption_pos=&#8221;below&#8221; remove_rounded=&#8221;yes&#8221; fullwidth=&#8221;no&#8221; overflow_mode=&#8221;none&#8221; image_link=&#8221;http:\/\/www.fir.ch\/&#8221; link_target=&#8221;_blank&#8221; lightbox=&#8221;no&#8221; intro_animation=&#8221;none&#8221; animation_delay=&#8221;200&#8243; width=&#8221;1\/4&#8243; el_position=&#8221;last&#8221;]<\/p>\n<h5 class=\"member_body\" style=\"text-align: left;\">Fonds Immobilier Romad FIR<\/h5>\n<p class=\"member_body_adress\" style=\"text-align: left;\">Rue du Maupas 2<br \/>\n1004 Lausanne<\/p>\n<p class=\"member_body_website\" style=\"text-align: left;\"><a href=\"http:\/\/www.fir.ch\/\" target=\"_blank\" rel=\"noopener\">www.fir.ch<\/a><\/p>\n<p>[\/spb_image] [spb_image image=&#8221;514&#8243; image_size=&#8221;full&#8221; frame=&#8221;noframe&#8221; caption_pos=&#8221;below&#8221; remove_rounded=&#8221;yes&#8221; fullwidth=&#8221;no&#8221; overflow_mode=&#8221;none&#8221; image_link=&#8221;http:\/\/www.generali.ch\/&#8221; link_target=&#8221;_blank&#8221; lightbox=&#8221;no&#8221; intro_animation=&#8221;none&#8221; animation_delay=&#8221;200&#8243; width=&#8221;1\/4&#8243; el_position=&#8221;first&#8221;]<\/p>\n<h5 class=\"member_body\" style=\"text-align: left;\">Generali Schweiz Holding<\/h5>\n<p class=\"member_body_adress\" style=\"text-align: left;\">Soodmattenstrasse 10<br \/>\nCase postale<br \/>\n8134 Adliswil<\/p>\n<p class=\"member_body_website\" style=\"text-align: left;\"><a href=\"http:\/\/www.generali.ch\/\" target=\"_blank\" rel=\"noopener\">www.generali.ch<\/a><\/p>\n<div class=\"member_body_adress\"><\/div>\n<p>[\/spb_image] [spb_image image=&#8221;519&#8243; image_size=&#8221;full&#8221; frame=&#8221;noframe&#8221; caption_pos=&#8221;below&#8221; remove_rounded=&#8221;yes&#8221; fullwidth=&#8221;no&#8221; overflow_mode=&#8221;none&#8221; image_link=&#8221;http:\/\/www.halter.ch\/&#8221; link_target=&#8221;_blank&#8221; lightbox=&#8221;no&#8221; intro_animation=&#8221;none&#8221; animation_delay=&#8221;200&#8243; width=&#8221;1\/4&#8243;]<\/p>\n<h5 class=\"member_body\" style=\"text-align: left;\">Halter AG<\/h5>\n<p class=\"member_body_adress\" style=\"text-align: left;\">Z\u00fcrcherstrasse 39<br \/>\n8952 Schlieren<\/p>\n<p class=\"member_body_website\" style=\"text-align: left;\"><a href=\"http:\/\/www.halter.ch\/\" target=\"_blank\" rel=\"noopener\">www.halter.ch<\/a><\/p>\n<div class=\"member_body_adress\" style=\"text-align: left;\"><\/div>\n<p>[\/spb_image] [spb_image image=&#8221;106237&#8243; image_size=&#8221;full&#8221; frame=&#8221;noframe&#8221; caption_pos=&#8221;below&#8221; remove_rounded=&#8221;yes&#8221; fullwidth=&#8221;no&#8221; overflow_mode=&#8221;none&#8221; image_link=&#8221;https:\/\/hardturm.com\/en\/?lang=en&#8221; link_target=&#8221;_blank&#8221; lightbox=&#8221;no&#8221; intro_animation=&#8221;none&#8221; animation_delay=&#8221;200&#8243; width=&#8221;1\/4&#8243;]<\/p>\n<h5 class=\"member_body\" style=\"text-align: left;\">Hardturm AG<\/h5>\n<p class=\"member_body_adress\" style=\"text-align: left;\">Schanzengasse 14<br \/>\n8032 Z\u00fcrich<\/p>\n<p class=\"member_body_website\" style=\"text-align: left;\"><a href=\"https:\/\/hardturm.com\/en\/?lang=en\">www.hardturm.com<\/a><\/p>\n<div class=\"member_body_adress\" style=\"text-align: left;\"><\/div>\n<p>[\/spb_image] [spb_image image=&#8221;521&#8243; image_size=&#8221;full&#8221; frame=&#8221;noframe&#8221; caption_pos=&#8221;below&#8221; remove_rounded=&#8221;yes&#8221; fullwidth=&#8221;no&#8221; overflow_mode=&#8221;none&#8221; image_link=&#8221;http:\/\/www.hev-zh.ch\/&#8221; link_target=&#8221;_blank&#8221; lightbox=&#8221;no&#8221; intro_animation=&#8221;none&#8221; animation_delay=&#8221;200&#8243; width=&#8221;1\/4&#8243; el_position=&#8221;last&#8221;]<\/p>\n<h5 class=\"member_body\" style=\"text-align: left;\">Hauseigent\u00fcmerverband Z\u00fcrich<\/h5>\n<p class=\"member_body_adress\" style=\"text-align: left;\">Albisstrasse 28<br \/>\nCase postale<br \/>\n8038 Z\u00fcrich<\/p>\n<p class=\"member_body_website\" style=\"text-align: left;\"><a href=\"http:\/\/www.hev-zh.ch\/\" target=\"_blank\" rel=\"noopener\">www.hev-zh.ch<\/a><\/p>\n<p>[\/spb_image] [spb_image image=&#8221;3234&#8243; image_size=&#8221;full&#8221; frame=&#8221;noframe&#8221; caption_pos=&#8221;below&#8221; remove_rounded=&#8221;yes&#8221; fullwidth=&#8221;no&#8221; overflow_mode=&#8221;none&#8221; image_link=&#8221;www.helvetia-am.ch&#8221; link_target=&#8221;_blank&#8221; lightbox=&#8221;yes&#8221; intro_animation=&#8221;none&#8221; animation_delay=&#8221;200&#8243; width=&#8221;1\/4&#8243; el_position=&#8221;first&#8221;]<\/p>\n<h5 class=\"member_body\" style=\"text-align: left;\">Helvetia Asset Management AG<\/h5>\n<p style=\"text-align: left;\">St. Alban-Anlage 26<br \/>\nCase postale<br \/>\n4002 B\u00e2le<\/p>\n<p class=\"member_body_website\" style=\"text-align: left;\"><a href=\"http:\/\/www.helvetia-am.ch\">www.helvetia-am.ch<\/a><\/p>\n<div class=\"member_body_adress\"><\/div>\n<p>[\/spb_image] [spb_image image=&#8221;2659&#8243; image_size=&#8221;full&#8221; frame=&#8221;noframe&#8221; caption_pos=&#8221;below&#8221; remove_rounded=&#8221;yes&#8221; fullwidth=&#8221;no&#8221; overflow_mode=&#8221;none&#8221; image_link=&#8221;http:\/\/www.helveticaproperty.com\/&#8221; link_target=&#8221;_blank&#8221; lightbox=&#8221;no&#8221; intro_animation=&#8221;none&#8221; animation_delay=&#8221;200&#8243; width=&#8221;1\/4&#8243;]<\/p>\n<h5 class=\"member_body\" style=\"text-align: left;\">Helvetica Property Investors AG<\/h5>\n<p class=\"member_body_adress\" style=\"text-align: left;\">Brandschenkestrasse 47<br \/>\n8002 Z\u00fcrich<\/p>\n<p class=\"member_body_website\" style=\"text-align: left;\"><a href=\"http:\/\/www.helveticaproperty.com\/\" target=\"_blank\" rel=\"noopener\">www.helveticaproperty.com<\/a><\/p>\n<div class=\"member_body_adress\"><\/div>\n<p>[\/spb_image] [spb_image image=&#8221;528&#8243; image_size=&#8221;full&#8221; frame=&#8221;noframe&#8221; caption_pos=&#8221;below&#8221; remove_rounded=&#8221;yes&#8221; fullwidth=&#8221;no&#8221; overflow_mode=&#8221;none&#8221; image_link=&#8221;http:\/\/www.hiag.com\/&#8221; link_target=&#8221;_blank&#8221; lightbox=&#8221;no&#8221; intro_animation=&#8221;none&#8221; animation_delay=&#8221;200&#8243; width=&#8221;1\/4&#8243;]<\/p>\n<h5 class=\"member_body\" style=\"text-align: left;\">HIAG Immobilien Holding AG<\/h5>\n<p class=\"member_body_adress\" style=\"text-align: left;\">Aeschenplatz 7<br \/>\n4052 B\u00e2le<\/p>\n<p class=\"member_body_website\" style=\"text-align: left;\"><a href=\"http:\/\/www.hiag.com\/\" target=\"_blank\" rel=\"noopener\">www.hiag.com<\/a><\/p>\n<p>[\/spb_image] [spb_image image=&#8221;904&#8243; image_size=&#8221;full&#8221; frame=&#8221;noframe&#8221; caption_pos=&#8221;below&#8221; remove_rounded=&#8221;yes&#8221; fullwidth=&#8221;no&#8221; overflow_mode=&#8221;none&#8221; image_link=&#8221;http:\/\/www.hig.ch\/&#8221; link_target=&#8221;_blank&#8221; lightbox=&#8221;no&#8221; intro_animation=&#8221;none&#8221; animation_delay=&#8221;200&#8243; width=&#8221;1\/4&#8243; el_position=&#8221;last&#8221;]<\/p>\n<h5 class=\"member_body\" style=\"text-align: left;\">HIG Immobilien Anlage Stiftung<\/h5>\n<p class=\"member_body_adress\" style=\"text-align: left;\">L\u00f6wenstrasse 25<br \/>\n8001 Z\u00fcrich<\/p>\n<p class=\"member_body_website\" style=\"text-align: left;\"><a href=\"http:\/\/www.hig.ch\/\" target=\"_blank\" rel=\"noopener\">www.hig.ch<\/a><\/p>\n<div class=\"member_body_adress\"><\/div>\n<p>[\/spb_image] [spb_image image=&#8221;533&#8243; image_size=&#8221;full&#8221; frame=&#8221;noframe&#8221; caption_pos=&#8221;below&#8221; remove_rounded=&#8221;yes&#8221; fullwidth=&#8221;no&#8221; overflow_mode=&#8221;none&#8221; image_link=&#8221;http:\/\/www.implenia.com\/&#8221; link_target=&#8221;_blank&#8221; lightbox=&#8221;no&#8221; intro_animation=&#8221;none&#8221; animation_delay=&#8221;200&#8243; width=&#8221;1\/4&#8243; el_position=&#8221;first&#8221;]<\/p>\n<h5 class=\"member_body\" style=\"text-align: left;\">Implenia Schweiz AG<\/h5>\n<p class=\"member_body_adress\" style=\"text-align: left;\">Thurgauerstrasse 101A<br \/>\n8152 Glattpark (Opfikon)<\/p>\n<p class=\"member_body_website\" style=\"text-align: left;\"><a href=\"http:\/\/www.implenia.com\/\" target=\"_blank\" rel=\"noopener\">www.implenia.com<\/a><\/p>\n<div class=\"member_body_adress\"><\/div>\n<p>[\/spb_image] [spb_image image=&#8221;106537&#8243; image_size=&#8221;full&#8221; frame=&#8221;noframe&#8221; caption_pos=&#8221;below&#8221; remove_rounded=&#8221;yes&#8221; fullwidth=&#8221;no&#8221; overflow_mode=&#8221;none&#8221; image_link=&#8221;http:\/\/www.intershop.ch\/&#8221; link_target=&#8221;_blank&#8221; lightbox=&#8221;no&#8221; intro_animation=&#8221;none&#8221; animation_delay=&#8221;200&#8243; width=&#8221;1\/4&#8243;]<\/p>\n<h5 class=\"member_body\" style=\"text-align: left;\">Intershop Management AG<\/h5>\n<p class=\"member_body_adress\" style=\"text-align: left;\">Puls 5 &#8211; Giessereistrasse 18<br \/>\nCase postale 1601<br \/>\n8031 Z\u00fcrich<\/p>\n<p class=\"member_body_website\" style=\"text-align: left;\"><a href=\"http:\/\/www.intershop.ch\/\" target=\"_blank\" rel=\"noopener\">www.intershop.ch<\/a><\/p>\n<p>[\/spb_image] [spb_image image=&#8221;537&#8243; image_size=&#8221;full&#8221; frame=&#8221;noframe&#8221; caption_pos=&#8221;below&#8221; remove_rounded=&#8221;yes&#8221; fullwidth=&#8221;no&#8221; overflow_mode=&#8221;none&#8221; image_link=&#8221;http:\/\/www.investisgroup.com\/&#8221; link_target=&#8221;_blank&#8221; lightbox=&#8221;no&#8221; intro_animation=&#8221;none&#8221; animation_delay=&#8221;200&#8243; width=&#8221;1\/4&#8243;]<\/p>\n<h5 class=\"member_body\" style=\"text-align: left;\">Investis Holding SA<\/h5>\n<p class=\"member_body_adress\" style=\"text-align: left;\">Neum\u00fchlequai 6<br \/>\n8001 Z\u00fcrich<\/p>\n<p class=\"member_body_website\" style=\"text-align: left;\"><a href=\"http:\/\/www.investisgroup.com\/\" target=\"_blank\" rel=\"noopener\">www.investisgroup.com<\/a><\/p>\n<p>[\/spb_image] [spb_image image=&#8221;907&#8243; image_size=&#8221;full&#8221; frame=&#8221;noframe&#8221; caption_pos=&#8221;below&#8221; remove_rounded=&#8221;yes&#8221; fullwidth=&#8221;no&#8221; overflow_mode=&#8221;none&#8221; image_link=&#8221;http:\/\/www.lafonciere.ch\/&#8221; link_target=&#8221;_blank&#8221; lightbox=&#8221;no&#8221; intro_animation=&#8221;none&#8221; animation_delay=&#8221;200&#8243; width=&#8221;1\/4&#8243; el_position=&#8221;last&#8221;]<\/p>\n<h5 class=\"member_body\" style=\"text-align: left;\">Investissements Fonciers SA<\/h5>\n<p class=\"member_body_adress\" style=\"text-align: left;\">Ch. de la Joliette 2<br \/>\n1006 Lausanne<\/p>\n<p class=\"member_body_website\" style=\"text-align: left;\"><a href=\"http:\/\/www.lafonciere.ch\/\" target=\"_blank\" rel=\"noopener\">www.lafonciere.ch<\/a><\/p>\n<div class=\"member_body_adress\"><\/div>\n<p>[\/spb_image] [spb_image image=&#8221;2965&#8243; image_size=&#8221;full&#8221; frame=&#8221;noframe&#8221; caption_pos=&#8221;below&#8221; remove_rounded=&#8221;yes&#8221; fullwidth=&#8221;no&#8221; overflow_mode=&#8221;none&#8221; image_link=&#8221;http:\/\/www.itengroup.ch\/&#8221; link_target=&#8221;_blank&#8221; lightbox=&#8221;no&#8221; intro_animation=&#8221;none&#8221; animation_delay=&#8221;200&#8243; width=&#8221;1\/4&#8243; el_position=&#8221;first&#8221;]<\/p>\n<h5 class=\"member_body\" style=\"text-align: left;\">Iten Immobilien AG<\/h5>\n<p class=\"member_body_adress\" style=\"text-align: left;\">L\u00f6berenstrasse 19<br \/>\n6301 Zug<\/p>\n<p class=\"member_body_website\" style=\"text-align: left;\"><a href=\"http:\/\/www.itengroup.ch\/\" target=\"_blank\" rel=\"noopener\">www.itengroup.ch<\/a><\/p>\n<div class=\"member_body_adress\" style=\"text-align: left;\"><\/div>\n<p>[\/spb_image] [spb_image image=&#8221;545&#8243; image_size=&#8221;full&#8221; frame=&#8221;noframe&#8221; caption_pos=&#8221;below&#8221; remove_rounded=&#8221;yes&#8221; fullwidth=&#8221;no&#8221; overflow_mode=&#8221;none&#8221; image_link=&#8221;http:\/\/www.maxpfister.ch\/&#8221; link_target=&#8221;_blank&#8221; lightbox=&#8221;no&#8221; intro_animation=&#8221;none&#8221; animation_delay=&#8221;200&#8243; width=&#8221;1\/4&#8243;]<\/p>\n<h5 class=\"member_body\" style=\"text-align: left;\">Max Pfister Baub\u00fcro AG<\/h5>\n<p class=\"member_body_adress\" style=\"text-align: left;\">Burgstrasse 108<br \/>\nCase postale<br \/>\n9013 St. Gallen<\/p>\n<p class=\"member_body_website\" style=\"text-align: left;\"><a href=\"https:\/\/www.pfister-baubuero.ch\/\" target=\"_blank\" rel=\"noopener\">pfister-baubuero.ch<\/a><\/p>\n<div class=\"member_body_adress\" style=\"text-align: left;\"><\/div>\n<p>[\/spb_image] [spb_image image=&#8221;549&#8243; image_size=&#8221;full&#8221; frame=&#8221;noframe&#8221; caption_pos=&#8221;below&#8221; remove_rounded=&#8221;yes&#8221; fullwidth=&#8221;no&#8221; overflow_mode=&#8221;none&#8221; image_link=&#8221;http:\/\/www.mpk.ch\/&#8221; link_target=&#8221;_blank&#8221; lightbox=&#8221;no&#8221; intro_animation=&#8221;none&#8221; animation_delay=&#8221;200&#8243; width=&#8221;1\/4&#8243;]<\/p>\n<h5 class=\"member_body\" style=\"text-align: left;\">Migros-Pensionskasse<\/h5>\n<p class=\"member_body_adress\" style=\"text-align: left;\">Wiesenstrasse 15<br \/>\n8952 Schlieren<\/p>\n<p class=\"member_body_website\" style=\"text-align: left;\"><a href=\"https:\/\/www.mpk.ch\/\" target=\"_blank\" rel=\"noopener\">www.mpk.ch<\/a><\/p>\n<div class=\"member_body_adress\" style=\"text-align: left;\"><\/div>\n<p>[\/spb_image] [spb_image image=&#8221;835&#8243; image_size=&#8221;full&#8221; frame=&#8221;noframe&#8221; caption_pos=&#8221;below&#8221; remove_rounded=&#8221;yes&#8221; fullwidth=&#8221;no&#8221; overflow_mode=&#8221;none&#8221; image_link=&#8221;http:\/\/www.mobi.ch&#8221; link_target=&#8221;_blank&#8221; lightbox=&#8221;no&#8221; intro_animation=&#8221;none&#8221; animation_delay=&#8221;200&#8243; width=&#8221;1\/4&#8243; el_position=&#8221;last&#8221;]<\/p>\n<h5 class=\"member_body\" style=\"text-align: left;\">Mobiliar Asset Management AG<\/h5>\n<p class=\"member_body_adress\" style=\"text-align: left;\">Bundesgasse 35<br \/>\nCase postale<br \/>\n3001 Berne<\/p>\n<p class=\"member_body_website\" style=\"text-align: left;\"><a href=\"http:\/\/www.mobi.ch\">www.mobi.ch <\/a><\/p>\n<p>[\/spb_image] [spb_image image=&#8221;551&#8243; image_size=&#8221;full&#8221; frame=&#8221;noframe&#8221; caption_pos=&#8221;below&#8221; remove_rounded=&#8221;yes&#8221; fullwidth=&#8221;no&#8221; overflow_mode=&#8221;none&#8221; image_link=&#8221;http:\/\/www.mobimo.ch\/&#8221; link_target=&#8221;_blank&#8221; lightbox=&#8221;no&#8221; intro_animation=&#8221;none&#8221; animation_delay=&#8221;200&#8243; width=&#8221;1\/4&#8243; el_position=&#8221;first&#8221;]<\/p>\n<h5 class=\"member_body\" style=\"text-align: left;\">Mobimo Management AG<\/h5>\n<p class=\"member_body_adress\" style=\"text-align: left;\">Seestrasse 59<br \/>\n8700 K\u00fcsnacht<\/p>\n<p class=\"member_body_website\" style=\"text-align: left;\"><a href=\"http:\/\/www.mobimo.ch\/\" target=\"_blank\" rel=\"noopener\">www.mobimo.ch<\/a><\/p>\n<p>[\/spb_image] [spb_image image=&#8221;2879&#8243; image_size=&#8221;full&#8221; frame=&#8221;noframe&#8221; caption_pos=&#8221;below&#8221; remove_rounded=&#8221;yes&#8221; fullwidth=&#8221;no&#8221; overflow_mode=&#8221;none&#8221; image_link=&#8221;https:\/\/moyreal.ch\/projekte\/&#8221; link_target=&#8221;_blank&#8221; lightbox=&#8221;no&#8221; intro_animation=&#8221;none&#8221; animation_delay=&#8221;200&#8243; width=&#8221;1\/4&#8243;]<\/p>\n<h5 class=\"member_body\" style=\"text-align: left;\">Moyreal Immobilien AG<\/h5>\n<p class=\"member_body\" style=\"text-align: left;\">Klausstrasse 48<br \/>\n8034 Z\u00fcrch<\/p>\n<p class=\"member_body_website\" style=\"text-align: left;\"><a href=\"https:\/\/moyreal.ch\/projekte\/\">www.moyreal.ch<\/a><\/p>\n<p>[\/spb_image] [spb_image image=&#8221;553&#8243; image_size=&#8221;full&#8221; frame=&#8221;noframe&#8221; caption_pos=&#8221;below&#8221; remove_rounded=&#8221;yes&#8221; fullwidth=&#8221;no&#8221; overflow_mode=&#8221;none&#8221; image_link=&#8221;http:\/\/www.moservernet.ch\/&#8221; link_target=&#8221;_blank&#8221; lightbox=&#8221;no&#8221; intro_animation=&#8221;none&#8221; animation_delay=&#8221;200&#8243; width=&#8221;1\/4&#8243;]<\/p>\n<h5 class=\"member_body\" style=\"text-align: left;\">Moser Vernet &amp; CIE SA<\/h5>\n<p class=\"member_body_adress\" style=\"text-align: left;\">Chemin Malombr\u00e9 10<br \/>\nCase postale 129<br \/>\n1211 Gen\u00e8ve 12<\/p>\n<p class=\"member_body_website\" style=\"text-align: left;\"><a href=\"http:\/\/www.moservernet.ch\/\" target=\"_blank\" rel=\"noopener\">www.moservernet.ch<\/a><\/p>\n<div class=\"member_body_adress\" style=\"text-align: left;\"><\/div>\n<p>[\/spb_image] [spb_image image=&#8221;105580&#8243; image_size=&#8221;full&#8221; frame=&#8221;noframe&#8221; caption_pos=&#8221;below&#8221; remove_rounded=&#8221;yes&#8221; fullwidth=&#8221;no&#8221; overflow_mode=&#8221;none&#8221; image_link=&#8221;https:\/\/www.novaproperty.ch\/fr\/&#8221; link_target=&#8221;_blank&#8221; lightbox=&#8221;yes&#8221; intro_animation=&#8221;none&#8221; animation_delay=&#8221;200&#8243; width=&#8221;1\/4&#8243; el_position=&#8221;last&#8221;]<\/p>\n<h5 style=\"font-weight: 400; text-align: left;\">Nova Property Fund Management AG<\/h5>\n<p style=\"font-weight: 400; text-align: left;\">Zentrum Staldenbach 3<br \/>\n8808 Pf\u00e4ffikon<\/p>\n<p style=\"text-align: left;\"><a href=\"https:\/\/www.novaproperty.ch\/fr\/\" target=\"_blank\" rel=\"noopener\">www.novaproperty.ch<\/a><\/p>\n<div class=\"member_body_adress\" style=\"text-align: left;\"><\/div>\n<p>[\/spb_image] [spb_image image=&#8221;915&#8243; image_size=&#8221;full&#8221; frame=&#8221;noframe&#8221; caption_pos=&#8221;below&#8221; remove_rounded=&#8221;yes&#8221; fullwidth=&#8221;no&#8221; overflow_mode=&#8221;none&#8221; image_link=&#8221;http:\/\/www.pat-bvg.ch\/&#8221; link_target=&#8221;_blank&#8221; lightbox=&#8221;no&#8221; intro_animation=&#8221;none&#8221; animation_delay=&#8221;200&#8243; width=&#8221;1\/4&#8243; el_position=&#8221;first&#8221;]<\/p>\n<h5 class=\"member_body\" style=\"text-align: left;\">PAT-BVG<br \/>\nPersonalvorsorgestiftung der \u00c4rzte und Tier\u00e4rzte<\/h5>\n<p class=\"member_body_adress\" style=\"text-align: left;\">Oberer Graben 37<br \/>\n9001 St. Gallen<\/p>\n<p class=\"member_body_website\" style=\"text-align: left;\"><a href=\"http:\/\/www.pat-bvg.ch\/\" target=\"_blank\" rel=\"noopener\">www.pat-bvg.ch<\/a><\/p>\n<p>[\/spb_image] [spb_image image=&#8221;1765&#8243; image_size=&#8221;full&#8221; frame=&#8221;noframe&#8221; caption_pos=&#8221;below&#8221; remove_rounded=&#8221;yes&#8221; fullwidth=&#8221;no&#8221; overflow_mode=&#8221;none&#8221; image_link=&#8221;https:\/\/www.pax.ch\/index-fr.html&#8221; link_target=&#8221;_blank&#8221; lightbox=&#8221;no&#8221; intro_animation=&#8221;none&#8221; animation_delay=&#8221;200&#8243; width=&#8221;1\/4&#8243;]<\/p>\n<h5 class=\"member_body\" style=\"text-align: left;\">PAX Leben<\/h5>\n<p class=\"member_body_adress\" style=\"text-align: left;\">Aeschenplatz 13<br \/>\nCase postale<br \/>\n4002 B\u00e2le<\/p>\n<p class=\"member_body_website\" style=\"text-align: left;\"><a href=\"https:\/\/www.pax.ch\/fr\/\" target=\"_blank\" rel=\"noopener\">www.pax.ch<\/a><\/p>\n<p>&nbsp;<\/p>\n<p>[\/spb_image] [spb_image image=&#8221;560&#8243; image_size=&#8221;full&#8221; frame=&#8221;noframe&#8221; caption_pos=&#8221;below&#8221; remove_rounded=&#8221;yes&#8221; fullwidth=&#8221;no&#8221; overflow_mode=&#8221;none&#8221; image_link=&#8221;http:\/\/www.pas.patrimonium.ch\/&#8221; link_target=&#8221;_blank&#8221; lightbox=&#8221;no&#8221; intro_animation=&#8221;none&#8221; animation_delay=&#8221;200&#8243; width=&#8221;1\/4&#8243;]<\/p>\n<h5 class=\"member_body\" style=\"text-align: left;\">Patrimonium Anlagestiftung<\/h5>\n<p class=\"member_body_adress\" style=\"text-align: left;\">Talacker 50<br \/>\n8001 Z\u00fcrich<\/p>\n<p class=\"member_body_website\" style=\"text-align: left;\"><a href=\"http:\/\/www.pas.patrimonium.ch\/\" target=\"_blank\" rel=\"noopener\">www.pas.patrimonium.ch<\/a><\/p>\n<p>[\/spb_image] [spb_image image=&#8221;561&#8243; image_size=&#8221;full&#8221; frame=&#8221;noframe&#8221; caption_pos=&#8221;below&#8221; remove_rounded=&#8221;yes&#8221; fullwidth=&#8221;no&#8221; overflow_mode=&#8221;none&#8221; image_link=&#8221;http:\/\/www.pensimo.ch\/&#8221; link_target=&#8221;_blank&#8221; lightbox=&#8221;no&#8221; intro_animation=&#8221;none&#8221; animation_delay=&#8221;200&#8243; width=&#8221;1\/4&#8243; el_position=&#8221;last&#8221;]<\/p>\n<h5 class=\"member_body\" style=\"text-align: left;\">Pensimo Management AG<\/h5>\n<p class=\"member_body_adress\" style=\"text-align: left;\">Josefstrasse 214<br \/>\nPostfach 1305<br \/>\n8031 Z\u00fcrich<\/p>\n<p class=\"member_body_website\" style=\"text-align: left;\"><a href=\"http:\/\/www.pensimo.ch\/\" target=\"_blank\" rel=\"noopener\">www.pensimo.ch<\/a><\/p>\n<p>[\/spb_image] [spb_image image=&#8221;106448&#8243; image_size=&#8221;full&#8221; frame=&#8221;noframe&#8221; caption_pos=&#8221;below&#8221; remove_rounded=&#8221;yes&#8221; fullwidth=&#8221;no&#8221; overflow_mode=&#8221;none&#8221; image_link=&#8221;www.pkso.ch&#8221; link_target=&#8221;_blank&#8221; lightbox=&#8221;no&#8221; intro_animation=&#8221;none&#8221; animation_delay=&#8221;200&#8243; width=&#8221;1\/4&#8243; el_position=&#8221;first&#8221;]<\/p>\n<h5 class=\"member_body\" style=\"text-align: left;\">Pensionskasse Kanton Solothurn<\/h5>\n<p style=\"text-align: left;\">Niklaus Konrad-Strasse 4<br \/>\n4500 Solothurn<\/p>\n<p style=\"text-align: left;\"><a href=\"http:\/\/www.pkso.ch\">www.pkso.ch<\/a><\/p>\n<div class=\"member_body_adress\" style=\"text-align: left;\"><\/div>\n<p>[\/spb_image] [spb_image image=&#8221;106408&#8243; image_size=&#8221;full&#8221; frame=&#8221;noframe&#8221; caption_pos=&#8221;below&#8221; remove_rounded=&#8221;yes&#8221; fullwidth=&#8221;no&#8221; overflow_mode=&#8221;none&#8221; image_link=&#8221;https:\/\/procimmo.ch\/fr&#8221; link_target=&#8221;_blank&#8221; lightbox=&#8221;no&#8221; intro_animation=&#8221;none&#8221; animation_delay=&#8221;200&#8243; width=&#8221;1\/4&#8243;]<\/p>\n<h5 class=\"member_body\" style=\"text-align: left;\">Procimmo SA<\/h5>\n<p class=\"member_body_adress\" style=\"text-align: left;\">Rue de Lausanne 64<br \/>\n1020 Renens<\/p>\n<p class=\"member_body_website\" style=\"text-align: left;\"><a href=\"https:\/\/procimmo.ch\/de\">www.procimmo.ch<\/a><\/p>\n<div class=\"member_body_adress\" style=\"text-align: left;\"><\/div>\n<p>[\/spb_image] [spb_image image=&#8221;105689&#8243; image_size=&#8221;full&#8221; frame=&#8221;noframe&#8221; caption_pos=&#8221;below&#8221; remove_rounded=&#8221;yes&#8221; fullwidth=&#8221;no&#8221; overflow_mode=&#8221;none&#8221; image_link=&#8221;http:\/\/www.pensimo.ch\/&#8221; link_target=&#8221;_blank&#8221; lightbox=&#8221;no&#8221; intro_animation=&#8221;none&#8221; animation_delay=&#8221;200&#8243; width=&#8221;1\/4&#8243;]<\/p>\n<h5 class=\"member_body\" style=\"text-align: left;\">Caisse de Pr\u00e9voyance des Associations Techniques SIA UTS FAS FSAI USIC<\/h5>\n<p class=\"member_body_adress\" style=\"text-align: left;\">Postfach 1023<br \/>\n3000 Bern 14<\/p>\n<p><a href=\"https:\/\/www.ptv.ch\/fr\/\" target=\"_blank\" rel=\"noopener\">www.ptv.ch<\/a><\/p>\n<p>[\/spb_image] [spb_image image=&#8221;813&#8243; image_size=&#8221;full&#8221; frame=&#8221;noframe&#8221; caption_pos=&#8221;below&#8221; remove_rounded=&#8221;yes&#8221; fullwidth=&#8221;no&#8221; overflow_mode=&#8221;none&#8221; image_link=&#8221;http:\/\/www.publica.ch&#8221; link_target=&#8221;_blank&#8221; lightbox=&#8221;no&#8221; intro_animation=&#8221;none&#8221; animation_delay=&#8221;200&#8243; width=&#8221;1\/4&#8243; el_position=&#8221;last&#8221;]<\/p>\n<h5 class=\"member_body\" style=\"text-align: left;\">Caisse f\u00e9d\u00e9rale de pensions PUBLICA<\/h5>\n<p class=\"member_body_adress\" style=\"text-align: left;\">Eigerstrasse 57<br \/>\n3007 Berne<\/p>\n<p class=\"member_body_website\" style=\"text-align: left;\"><a href=\"https:\/\/www.publica.ch\/\">www.publica.ch<\/a><\/p>\n<p>[\/spb_image] [spb_image image=&#8221;106502&#8243; image_size=&#8221;full&#8221; frame=&#8221;noframe&#8221; caption_pos=&#8221;below&#8221; remove_rounded=&#8221;yes&#8221; fullwidth=&#8221;no&#8221; overflow_mode=&#8221;none&#8221; image_link=&#8221;https:\/\/pure.swiss\/?lang=de&#8221; link_target=&#8221;_blank&#8221; lightbox=&#8221;no&#8221; intro_animation=&#8221;none&#8221; animation_delay=&#8221;200&#8243; width=&#8221;1\/4&#8243; el_position=&#8221;first&#8221;]<\/p>\n<h5 class=\"member_body\" style=\"text-align: left;\">Pure Funds AG<\/h5>\n<p class=\"member_body_adress\" style=\"text-align: left;\">Gotthardstrasse 14<br \/>\n6300 Zug<\/p>\n<p style=\"text-align: left;\"><a href=\"https:\/\/pure.swiss\/?lang=de\" target=\"_blank\" rel=\"noopener\">www.pure.swiss<\/a><\/p>\n<p>[\/spb_image] [spb_image image=&#8221;816&#8243; image_size=&#8221;full&#8221; frame=&#8221;noframe&#8221; caption_pos=&#8221;below&#8221; remove_rounded=&#8221;yes&#8221; fullwidth=&#8221;no&#8221; overflow_mode=&#8221;none&#8221; image_link=&#8221;http:\/\/www.pk.tg.ch&#8221; link_target=&#8221;_blank&#8221; lightbox=&#8221;no&#8221; intro_animation=&#8221;none&#8221; animation_delay=&#8221;200&#8243; width=&#8221;1\/4&#8243;]<\/p>\n<h5 class=\"member_body\" style=\"text-align: left;\">Pensionskasse Thurgau<\/h5>\n<p class=\"member_body_adress\" style=\"text-align: left;\">Hauptstrasse 45<br \/>\nCase postale<br \/>\n8280 Kreuzlingen 1<\/p>\n<p class=\"member_body_website\" style=\"text-align: left;\"><a href=\"http:\/\/www.pk.tg.ch\">www.pk.tg.ch<\/a><\/p>\n<p>[\/spb_image] [spb_image image=&#8221;819&#8243; image_size=&#8221;full&#8221; frame=&#8221;noframe&#8221; caption_pos=&#8221;below&#8221; remove_rounded=&#8221;yes&#8221; fullwidth=&#8221;no&#8221; overflow_mode=&#8221;none&#8221; image_link=&#8221;http:\/\/www.pke.ch&#8221; link_target=&#8221;_blank&#8221; lightbox=&#8221;no&#8221; intro_animation=&#8221;none&#8221; animation_delay=&#8221;200&#8243; width=&#8221;1\/4&#8243;]<\/p>\n<h5 class=\"member_body\" style=\"text-align: left;\">PKE Pensionskasse Energie<\/h5>\n<p class=\"member_body_adress\" style=\"text-align: left;\">Freigutstrasse 16<br \/>\nCase postale 1996<br \/>\n8027 Z\u00fcrich<\/p>\n<p class=\"member_body_website\" style=\"text-align: left;\"><a href=\"http:\/\/www.pke.ch\" target=\"_blank\" rel=\"noopener\">www.pke.ch<\/a><\/p>\n<p>[\/spb_image] [spb_image image=&#8221;918&#8243; image_size=&#8221;full&#8221; frame=&#8221;noframe&#8221; caption_pos=&#8221;below&#8221; remove_rounded=&#8221;yes&#8221; fullwidth=&#8221;no&#8221; overflow_mode=&#8221;none&#8221; image_link=&#8221;http:\/\/www.plazza-immobilien.ch&#8221; link_target=&#8221;_blank&#8221; lightbox=&#8221;no&#8221; intro_animation=&#8221;none&#8221; animation_delay=&#8221;200&#8243; width=&#8221;1\/4&#8243; el_position=&#8221;last&#8221;]<\/p>\n<h5 class=\"member_body\" style=\"text-align: left;\">PLAZZA AG<\/h5>\n<p class=\"member_body_adress\" style=\"text-align: left;\">Sieberstrasse 5<br \/>\n8055 Z\u00fcrich<\/p>\n<p class=\"member_body_website\" style=\"text-align: left;\"><a href=\"http:\/\/www.plazza-immobilien.ch\">www.plazza-immobilien.ch<\/a><\/p>\n<p>[\/spb_image] [spb_image image=&#8221;826&#8243; image_size=&#8221;full&#8221; frame=&#8221;noframe&#8221; caption_pos=&#8221;below&#8221; remove_rounded=&#8221;yes&#8221; fullwidth=&#8221;no&#8221; overflow_mode=&#8221;none&#8221; image_link=&#8221;http:\/\/www.profond-anlagestiftung.ch&#8221; link_target=&#8221;_blank&#8221; lightbox=&#8221;no&#8221; intro_animation=&#8221;none&#8221; animation_delay=&#8221;200&#8243; width=&#8221;1\/4&#8243; el_position=&#8221;first&#8221;]<\/p>\n<h5 class=\"member_body\" style=\"text-align: left;\">Profond Anlagestiftung<\/h5>\n<p class=\"member_body_adress\" style=\"text-align: left;\">Zollstrasse 62<br \/>\n8005 Z\u00fcrich<\/p>\n<p class=\"member_body_adress\" style=\"text-align: left;\"><a href=\"http:\/\/www.profond-anlagestiftung.ch\">www.profond-anlagestiftung.ch<\/a><\/p>\n<p>[\/spb_image] [spb_image image=&#8221;921&#8243; image_size=&#8221;full&#8221; frame=&#8221;noframe&#8221; caption_pos=&#8221;below&#8221; remove_rounded=&#8221;yes&#8221; fullwidth=&#8221;no&#8221; overflow_mode=&#8221;none&#8221; image_link=&#8221;http:\/\/www.psp.info&#8221; link_target=&#8221;_blank&#8221; lightbox=&#8221;no&#8221; intro_animation=&#8221;none&#8221; animation_delay=&#8221;200&#8243; width=&#8221;1\/4&#8243;]<\/p>\n<h5 class=\"member_body\" style=\"text-align: left;\">PSP Swiss Property AG<\/h5>\n<p class=\"member_body_adress\" style=\"text-align: left;\">Seestrasse 353<br \/>\nCase postale<br \/>\n8038 Z\u00fcrich<\/p>\n<p class=\"member_body_website\" style=\"text-align: left;\"><a href=\"http:\/\/www.psp.info\">www.psp.info <\/a><\/p>\n<p>[\/spb_image] [spb_image image=&#8221;1536&#8243; image_size=&#8221;full&#8221; frame=&#8221;noframe&#8221; caption_pos=&#8221;below&#8221; remove_rounded=&#8221;yes&#8221; fullwidth=&#8221;no&#8221; overflow_mode=&#8221;none&#8221; image_link=&#8221;https:\/\/www.redevco.com\/contact\/switzerland-central-europe\/&#8221; link_target=&#8221;_blank&#8221; lightbox=&#8221;no&#8221; intro_animation=&#8221;none&#8221; animation_delay=&#8221;200&#8243; width=&#8221;1\/4&#8243;]<\/p>\n<h5 class=\"member_body\" style=\"text-align: left;\">REDEVCO Switzerland AMS AG<\/h5>\n<p class=\"member_body_adress\" style=\"text-align: left;\">B\u00e4rengasse 29<br \/>\n8001 Z\u00fcrich<\/p>\n<p class=\"member_body_website\" style=\"text-align: left;\"><a href=\"https:\/\/www.redevco.com\/contact\/\" target=\"_blank\" rel=\"noopener\">www.redevco.com<\/a><\/p>\n<p>[\/spb_image] [spb_image image=&#8221;106504&#8243; image_size=&#8221;full&#8221; frame=&#8221;noframe&#8221; caption_pos=&#8221;below&#8221; remove_rounded=&#8221;yes&#8221; fullwidth=&#8221;no&#8221; overflow_mode=&#8221;none&#8221; image_link=&#8221;https:\/\/realstone.ch\/&#8221; link_target=&#8221;_blank&#8221; lightbox=&#8221;no&#8221; intro_animation=&#8221;none&#8221; animation_delay=&#8221;200&#8243; width=&#8221;1\/4&#8243; el_position=&#8221;last&#8221;]<\/p>\n<h5 class=\"member_body\" style=\"text-align: left;\">Realstone SA<\/h5>\n<p class=\"member_body_adress\" style=\"text-align: left;\">Avenue d\u2019Ouchy 6<br \/>\n1006 Lausanne<\/p>\n<p style=\"text-align: left;\"><a href=\"https:\/\/realstone.ch\/de\/\" target=\"_blank\" rel=\"noopener\">www.realstone.ch<\/a><\/p>\n<p>[\/spb_image] [spb_image image=&#8221;833&#8243; image_size=&#8221;full&#8221; frame=&#8221;noframe&#8221; caption_pos=&#8221;below&#8221; remove_rounded=&#8221;yes&#8221; fullwidth=&#8221;no&#8221; overflow_mode=&#8221;none&#8221; image_link=&#8221;http:\/\/www.sbb.ch\/sbb-konzern\/immobilien.html&#8221; link_target=&#8221;_blank&#8221; lightbox=&#8221;no&#8221; intro_animation=&#8221;none&#8221; animation_delay=&#8221;200&#8243; width=&#8221;1\/4&#8243; el_position=&#8221;first&#8221;]<\/p>\n<h5 class=\"member_body\" style=\"text-align: left;\">CFF SA &#8211; Immobilier<\/h5>\n<p class=\"member_body_adress\" style=\"text-align: left;\">Tr\u00fcsselstrasse 2<br \/>\n3000 Berne 65<\/p>\n<p class=\"member_body_website\" style=\"text-align: left;\"><a href=\"https:\/\/www.cff-immobilier.ch\/\">www.sbb-immobilien.ch<\/a><\/p>\n<p>[\/spb_image] [spb_image image=&#8221;839&#8243; image_size=&#8221;full&#8221; frame=&#8221;noframe&#8221; caption_pos=&#8221;below&#8221; remove_rounded=&#8221;yes&#8221; fullwidth=&#8221;no&#8221; overflow_mode=&#8221;none&#8221; image_link=&#8221;http:\/\/www.seewarte.ch&#8221; link_target=&#8221;_blank&#8221; lightbox=&#8221;no&#8221; intro_animation=&#8221;none&#8221; animation_delay=&#8221;200&#8243; width=&#8221;1\/4&#8243;]<\/p>\n<h5 class=\"member_body\" style=\"text-align: left;\">Seewarte AG<\/h5>\n<p class=\"member_body_adress\" style=\"text-align: left;\">Dufourstrasse 31<br \/>\n8008 Z\u00fcrich<\/p>\n<p class=\"member_body_website\" style=\"text-align: left;\"><a href=\"http:\/\/www.seewarte.ch\">www.seewarte.ch<\/a><\/p>\n<p>[\/spb_image] [spb_image image=&#8221;106508&#8243; image_size=&#8221;full&#8221; frame=&#8221;noframe&#8221; caption_pos=&#8221;below&#8221; remove_rounded=&#8221;yes&#8221; fullwidth=&#8221;no&#8221; overflow_mode=&#8221;none&#8221; image_link=&#8221;https:\/\/www.sfp.ch\/fr\/&#8221; link_target=&#8221;_blank&#8221; lightbox=&#8221;no&#8221; intro_animation=&#8221;none&#8221; animation_delay=&#8221;200&#8243; width=&#8221;1\/4&#8243;]<\/p>\n<h5 class=\"member_body\" style=\"text-align: left;\">SFP Group AG<\/h5>\n<p class=\"member_body_adress\" style=\"text-align: left;\">Seefeldstrasse 275<br \/>\n8008 Z\u00fcrich<\/p>\n<p style=\"text-align: left;\"><a href=\"https:\/\/www.sfp.ch\/fr\/\" target=\"_blank\" rel=\"noopener\">www.sfp.ch<\/a><\/p>\n<p>[\/spb_image] [spb_image image=&#8221;2876&#8243; image_size=&#8221;full&#8221; frame=&#8221;noframe&#8221; caption_pos=&#8221;below&#8221; remove_rounded=&#8221;yes&#8221; fullwidth=&#8221;no&#8221; overflow_mode=&#8221;none&#8221; image_link=&#8221;https:\/\/www.siska.ch\/&#8221; link_target=&#8221;_blank&#8221; lightbox=&#8221;no&#8221; intro_animation=&#8221;none&#8221; animation_delay=&#8221;200&#8243; width=&#8221;1\/4&#8243; el_position=&#8221;last&#8221;]<\/p>\n<h5 class=\"member_body\" style=\"text-align: left;\">Siska Immobilien AG<\/h5>\n<p class=\"member_body\" style=\"text-align: left;\"><span class=\"LrzXr\">Brunngasse 6<br \/>\n8400 Winterthur<\/span><\/p>\n<p style=\"text-align: left;\"><a href=\"https:\/\/www.siska.ch\/\">www.siska.ch<\/a><\/p>\n<p>[\/spb_image] [spb_image image=&#8221;1571&#8243; image_size=&#8221;full&#8221; frame=&#8221;noframe&#8221; caption_pos=&#8221;below&#8221; remove_rounded=&#8221;yes&#8221; fullwidth=&#8221;no&#8221; overflow_mode=&#8221;none&#8221; el_class=&#8221;disabled&#8221; image_link=&#8221;#&#8221; link_target=&#8221;_blank&#8221; lightbox=&#8221;no&#8221; intro_animation=&#8221;none&#8221; animation_delay=&#8221;200&#8243; width=&#8221;1\/4&#8243; el_position=&#8221;first&#8221;]<\/p>\n<h5 class=\"member_body\" style=\"text-align: left;\">Soluma AG<\/h5>\n<p style=\"text-align: left;\">Seetalstrasse 185<br \/>\n6032 Emmen<\/p>\n<div class=\"member_body_adress\"><\/div>\n<p>[\/spb_image] [spb_image image=&#8221;105206&#8243; image_size=&#8221;full&#8221; frame=&#8221;noframe&#8221; caption_pos=&#8221;below&#8221; remove_rounded=&#8221;yes&#8221; fullwidth=&#8221;no&#8221; overflow_mode=&#8221;none&#8221; image_link=&#8221;https:\/\/www.serainainvest.ch\/fr&#8221; link_target=&#8221;_blank&#8221; lightbox=&#8221;yes&#8221; intro_animation=&#8221;none&#8221; animation_delay=&#8221;200&#8243; width=&#8221;1\/4&#8243;]<\/p>\n<h5 class=\"member_body\" style=\"text-align: left;\">Seraina Investment Foundation<\/h5>\n<p style=\"text-align: left;\">Stockerstrasse 34<br \/>\n8002 Z\u00fcrich<\/p>\n<p style=\"text-align: left;\"><a href=\"https:\/\/www.serainainvest.ch\/fr\/\" target=\"_blank\" rel=\"noopener\">www.serainainvest.ch<\/a><\/p>\n<p>[\/spb_image] [spb_image image=&#8221;106513&#8243; image_size=&#8221;full&#8221; frame=&#8221;noframe&#8221; caption_pos=&#8221;below&#8221; remove_rounded=&#8221;yes&#8221; fullwidth=&#8221;no&#8221; overflow_mode=&#8221;none&#8221; image_link=&#8221;http:\/\/stoneedgeam.ch&#8221; link_target=&#8221;_blank&#8221; lightbox=&#8221;no&#8221; intro_animation=&#8221;none&#8221; animation_delay=&#8221;200&#8243; width=&#8221;1\/4&#8243;]<\/p>\n<h5 class=\"member_body\" style=\"text-align: left;\">StoneEdge Asset Management AG<\/h5>\n<p class=\"member_body\" style=\"text-align: left;\">Rte de Berne 52<br \/>\n1010 Lausanne<\/p>\n<p style=\"text-align: left;\"><a href=\"http:\/\/stoneedgeam.ch\" target=\"_blank\" rel=\"noopener\">www.stoneedgeam.ch<\/a><\/p>\n<p>[\/spb_image] [spb_image image=&#8221;2882&#8243; image_size=&#8221;full&#8221; frame=&#8221;noframe&#8221; caption_pos=&#8221;below&#8221; remove_rounded=&#8221;yes&#8221; fullwidth=&#8221;no&#8221; overflow_mode=&#8221;none&#8221; image_link=&#8221;http:\/\/www.steinerinvest.com\/fr\/&#8221; link_target=&#8221;_blank&#8221; lightbox=&#8221;no&#8221; intro_animation=&#8221;none&#8221; animation_delay=&#8221;200&#8243; width=&#8221;1\/4&#8243; el_position=&#8221;last&#8221;]<\/p>\n<h5 class=\"member_body\" style=\"text-align: left;\">Sustainable Real Estate AG<\/h5>\n<p class=\"member_body\" style=\"text-align: left;\">Europaallee 41<br \/>\n8021 Z\u00fcrich<\/p>\n<p style=\"text-align: left;\"><a href=\"https:\/\/sustainable-real-estate.ch\/de\/home\">www.sustainable-real-estate.ch<\/a><\/p>\n<p>[\/spb_image] [spb_image image=&#8221;844&#8243; image_size=&#8221;full&#8221; frame=&#8221;noframe&#8221; caption_pos=&#8221;below&#8221; remove_rounded=&#8221;yes&#8221; fullwidth=&#8221;no&#8221; overflow_mode=&#8221;none&#8221; image_link=&#8221;http:\/\/www.sgpk.ch&#8221; link_target=&#8221;_blank&#8221; lightbox=&#8221;no&#8221; intro_animation=&#8221;none&#8221; animation_delay=&#8221;200&#8243; width=&#8221;1\/4&#8243; el_position=&#8221;first&#8221;]<\/p>\n<h5 class=\"member_body\" style=\"text-align: left;\">St.Galler Pensionskasse<\/h5>\n<p class=\"member_body_adress\" style=\"text-align: left;\">Rosenbergstr. 52<br \/>\n9001 St.Gallen<\/p>\n<p class=\"member_body_website\" style=\"text-align: left;\"><a href=\"http:\/\/www.sgpk.ch\">www.sgpk.ch<\/a><\/p>\n<p>[\/spb_image] [spb_image image=&#8221;847&#8243; image_size=&#8221;full&#8221; frame=&#8221;noframe&#8221; caption_pos=&#8221;below&#8221; remove_rounded=&#8221;yes&#8221; fullwidth=&#8221;no&#8221; overflow_mode=&#8221;none&#8221; image_link=&#8221;http:\/\/www.suva.ch&#8221; link_target=&#8221;_blank&#8221; lightbox=&#8221;no&#8221; intro_animation=&#8221;none&#8221; animation_delay=&#8221;200&#8243; width=&#8221;1\/4&#8243;]<\/p>\n<h5 class=\"member_body\" style=\"text-align: left;\">SUVA<\/h5>\n<p class=\"member_body_adress\" style=\"text-align: left;\">R\u00f6sslimattstrasse 39<br \/>\nCase postale 4358<br \/>\n6002 Luzern<\/p>\n<p class=\"member_body_website\" style=\"text-align: left;\"><a href=\"http:\/\/www.suva.ch\">www.suva.ch<\/a><\/p>\n<p>[\/spb_image] [spb_image image=&#8221;106380&#8243; image_size=&#8221;full&#8221; frame=&#8221;noframe&#8221; caption_pos=&#8221;below&#8221; remove_rounded=&#8221;yes&#8221; fullwidth=&#8221;no&#8221; overflow_mode=&#8221;none&#8221; image_link=&#8221;http:\/\/www.swica.ch&#8221; link_target=&#8221;_blank&#8221; lightbox=&#8221;no&#8221; intro_animation=&#8221;none&#8221; animation_delay=&#8221;200&#8243; width=&#8221;1\/4&#8243;]<\/p>\n<h5 class=\"member_body\" style=\"text-align: left;\">SWICA Krankenversicherung AG<\/h5>\n<p class=\"member_body_adress\" style=\"text-align: left;\">R\u00f6merstrasse 38<br \/>\n8400 Winterthur<\/p>\n<p class=\"member_body_website\" style=\"text-align: left;\"><a href=\"http:\/\/www.swica.ch\">www.swica.ch<\/a><\/p>\n<p>[\/spb_image] [spb_image image=&#8221;853&#8243; image_size=&#8221;full&#8221; frame=&#8221;noframe&#8221; caption_pos=&#8221;below&#8221; remove_rounded=&#8221;yes&#8221; fullwidth=&#8221;no&#8221; overflow_mode=&#8221;none&#8221; image_link=&#8221;http:\/\/www.swisslife.ch&#8221; link_target=&#8221;_blank&#8221; lightbox=&#8221;no&#8221; intro_animation=&#8221;none&#8221; animation_delay=&#8221;200&#8243; width=&#8221;1\/4&#8243; el_position=&#8221;last&#8221;]<\/p>\n<h5 class=\"member_body\" style=\"text-align: left;\">Swiss Life Asset Management AG<\/h5>\n<p class=\"member_body_adress\" style=\"text-align: left;\">General-Guisan-Quai 40<br \/>\nPostfach<br \/>\n8022 Z\u00fcrich<\/p>\n<p class=\"member_body_website\" style=\"text-align: left;\"><a href=\"http:\/\/www.swisslife.ch\">www.swisslife.ch <\/a><\/p>\n<p>[\/spb_image] [spb_image image=&#8221;1547&#8243; image_size=&#8221;full&#8221; frame=&#8221;noframe&#8221; caption_pos=&#8221;below&#8221; remove_rounded=&#8221;yes&#8221; fullwidth=&#8221;no&#8221; overflow_mode=&#8221;none&#8221; image_link=&#8221;https:\/\/immobilien.sps.swiss&#8221; link_target=&#8221;_blank&#8221; lightbox=&#8221;no&#8221; intro_animation=&#8221;none&#8221; animation_delay=&#8221;200&#8243; width=&#8221;1\/4&#8243; el_position=&#8221;first&#8221;]<\/p>\n<h5 class=\"member_body\" style=\"text-align: left;\">Swiss Prime Site AG<\/h5>\n<p class=\"member_body_adress\" style=\"text-align: left;\">Frohburgstrasse 1<br \/>\n4601 Olten<\/p>\n<p class=\"p1\" style=\"text-align: left;\"><a href=\"https:\/\/sps.swiss\/de\/gruppe\/immobilien\/portfolio\" target=\"_blank\" rel=\"noopener\">sps.swiss\/de\/gruppe\/immobilien\/portfolio<\/a><\/p>\n<p>[\/spb_image] [spb_image image=&#8221;859&#8243; image_size=&#8221;full&#8221; frame=&#8221;noframe&#8221; caption_pos=&#8221;below&#8221; remove_rounded=&#8221;yes&#8221; fullwidth=&#8221;no&#8221; overflow_mode=&#8221;none&#8221; image_link=&#8221;http:\/\/www.suva.ch&#8221; link_target=&#8221;_blank&#8221; lightbox=&#8221;no&#8221; intro_animation=&#8221;none&#8221; animation_delay=&#8221;200&#8243; width=&#8221;1\/4&#8243;]<\/p>\n<h5 class=\"member_body\" style=\"text-align: left;\">Swiss Re Investments AG<\/h5>\n<p class=\"member_body_adress\" style=\"text-align: left;\">Mythenquai 50\/60<br \/>\n8002 Z\u00fcrich<\/p>\n<p class=\"member_body_website\" style=\"text-align: left;\"><a href=\"http:\/\/www.swissre.ch\">www.swissre.ch <\/a><\/p>\n<p>[\/spb_image] [spb_image image=&#8221;862&#8243; image_size=&#8221;full&#8221; frame=&#8221;noframe&#8221; caption_pos=&#8221;below&#8221; remove_rounded=&#8221;yes&#8221; fullwidth=&#8221;no&#8221; overflow_mode=&#8221;none&#8221; image_link=&#8221;http:\/\/www.tellco.ch&#8221; link_target=&#8221;_blank&#8221; lightbox=&#8221;no&#8221; intro_animation=&#8221;none&#8221; animation_delay=&#8221;200&#8243; width=&#8221;1\/4&#8243;]<\/p>\n<h5 class=\"member_body\" style=\"text-align: left;\">Tellco Vorsorge AG<\/h5>\n<p class=\"member_body_adress\" style=\"text-align: left;\">Bahnhofstrasse 3<br \/>\nCase postale 1753<br \/>\n6340 Baar<\/p>\n<p class=\"member_body_website\" style=\"text-align: left;\"><a href=\"https:\/\/www.tellco.ch\/\">www.tellco.ch<\/a><\/p>\n<p>[\/spb_image] [spb_image image=&#8221;2867&#8243; image_size=&#8221;full&#8221; frame=&#8221;noframe&#8221; caption_pos=&#8221;below&#8221; remove_rounded=&#8221;yes&#8221; fullwidth=&#8221;no&#8221; overflow_mode=&#8221;none&#8221; image_link=&#8221;https:\/\/www.terresta.ch\/startseite&#8221; link_target=&#8221;_blank&#8221; lightbox=&#8221;no&#8221; intro_animation=&#8221;none&#8221; animation_delay=&#8221;200&#8243; width=&#8221;1\/4&#8243; el_position=&#8221;last&#8221;]<\/p>\n<h5 class=\"member_body\" style=\"text-align: left;\">Terresta Immobilien AG<\/h5>\n<p class=\"member_body\" style=\"text-align: left;\">Neuwiesenstrasse 15<br \/>\n8400 Winterthur<\/p>\n<p style=\"text-align: left;\"><a href=\"https:\/\/www.terresta.ch\/startseite\">www.terresta.ch<\/a><\/p>\n<p>&nbsp;<\/p>\n<p>[\/spb_image] [spb_image image=&#8221;105582&#8243; image_size=&#8221;full&#8221; frame=&#8221;noframe&#8221; caption_pos=&#8221;below&#8221; remove_rounded=&#8221;yes&#8221; fullwidth=&#8221;no&#8221; overflow_mode=&#8221;none&#8221; image_link=&#8221;https:\/\/www.topikpartner.ch\/&#8221; link_target=&#8221;_blank&#8221; lightbox=&#8221;yes&#8221; intro_animation=&#8221;none&#8221; animation_delay=&#8221;200&#8243; width=&#8221;1\/4&#8243; el_position=&#8221;first&#8221;]<\/p>\n<h5 class=\"member_body\" style=\"text-align: left;\">Topik Partner AG<\/h5>\n<p class=\"member_body\" style=\"text-align: left;\">Zeltweg 26<br \/>\n8032 Z\u00fcrich<\/p>\n<p class=\"member_body_website\" style=\"text-align: left;\"><a href=\"http:\/\/www.topikpartner.ch\/\" target=\"_blank\" rel=\"noopener\">www.topikpartner.ch<\/a><\/p>\n<p>[\/spb_image] [spb_image image=&#8221;864&#8243; image_size=&#8221;full&#8221; frame=&#8221;noframe&#8221; caption_pos=&#8221;below&#8221; remove_rounded=&#8221;yes&#8221; fullwidth=&#8221;no&#8221; overflow_mode=&#8221;none&#8221; image_link=&#8221;http:\/\/www.ubs.ch&#8221; link_target=&#8221;_blank&#8221; lightbox=&#8221;no&#8221; intro_animation=&#8221;none&#8221; animation_delay=&#8221;200&#8243; width=&#8221;1\/4&#8243;]<\/p>\n<h5 class=\"member_body\" style=\"text-align: left;\">UBS Fund Management<br \/>\n(Switzerland) AG<\/h5>\n<p class=\"member_body_adress\" style=\"text-align: left;\">Aeschenplatz 6<br \/>\n4052 Basel<\/p>\n<p class=\"member_body_website\" style=\"text-align: left;\"><a href=\"http:\/\/www.ubs.ch\">www.ubs.ch <\/a><\/p>\n<p>[\/spb_image] [spb_image image=&#8221;105696&#8243; image_size=&#8221;full&#8221; frame=&#8221;noframe&#8221; caption_pos=&#8221;below&#8221; remove_rounded=&#8221;yes&#8221; fullwidth=&#8221;no&#8221; overflow_mode=&#8221;none&#8221; image_link=&#8221;https:\/\/www.vaudoise.ch\/fr\/particulier&#8221; link_target=&#8221;_blank&#8221; lightbox=&#8221;yes&#8221; intro_animation=&#8221;none&#8221; animation_delay=&#8221;200&#8243; width=&#8221;1\/4&#8243;]<\/p>\n<h5 class=\"member_body\" style=\"text-align: left;\">VAUDOISE ASSURANCES<\/h5>\n<p class=\"member_body_adress\" style=\"text-align: left;\">Place de Milan<br \/>\nCase postale<br \/>\n1001 Lausanne<\/p>\n<p class=\"member_body_website\" style=\"text-align: left;\"><a href=\"http:\/\/www.vaudoise.ch\">www.vaudoise.ch <\/a><\/p>\n<p>[\/spb_image] [spb_image image=&#8221;106606&#8243; image_size=&#8221;full&#8221; frame=&#8221;noframe&#8221; caption_pos=&#8221;below&#8221; remove_rounded=&#8221;yes&#8221; fullwidth=&#8221;no&#8221; overflow_mode=&#8221;none&#8221; image_link=&#8221;https:\/\/www.vis-ais.ch\/unsere-mitglieder\/&#8221; link_target=&#8221;_self&#8221; lightbox=&#8221;no&#8221; intro_animation=&#8221;none&#8221; animation_delay=&#8221;200&#8243; width=&#8221;1\/4&#8243; el_position=&#8221;last&#8221;]<\/p>\n<h5 class=\"member_body\" style=\"text-align: left;\">V-ZUG Infra AG<\/h5>\n<p class=\"member_body\" style=\"text-align: left;\">Industriestrasse 66<br \/>\nPostfach<br \/>\n6302 Zug<\/p>\n<p>&nbsp;<\/p>\n<p>[\/spb_image] [spb_image image=&#8221;106425&#8243; image_size=&#8221;full&#8221; frame=&#8221;noframe&#8221; caption_pos=&#8221;below&#8221; remove_rounded=&#8221;yes&#8221; fullwidth=&#8221;no&#8221; overflow_mode=&#8221;none&#8221; image_link=&#8221;https:\/\/techclusterzug.ch\/&#8221; link_target=&#8221;_blank&#8221; lightbox=&#8221;no&#8221; intro_animation=&#8221;none&#8221; animation_delay=&#8221;200&#8243; width=&#8221;1\/4&#8243; el_position=&#8221;first&#8221;]<\/p>\n<h5 class=\"member_body\" style=\"text-align: left;\">Tech Cluster Zug AG<\/h5>\n<p class=\"member_body_adress\" style=\"text-align: left;\">Industriestrasse 66<br \/>\nCase postale<br \/>\n6302 Zug<\/p>\n<p><a href=\"https:\/\/techclusterzug.ch\/\">www.techclusterzug.ch<\/a><\/p>\n<p>[\/spb_image] [spb_image image=&#8221;875&#8243; image_size=&#8221;full&#8221; frame=&#8221;noframe&#8221; caption_pos=&#8221;below&#8221; remove_rounded=&#8221;yes&#8221; fullwidth=&#8221;no&#8221; overflow_mode=&#8221;none&#8221; image_link=&#8221;http:\/\/www.warteck-invest.ch&#8221; link_target=&#8221;_blank&#8221; lightbox=&#8221;no&#8221; intro_animation=&#8221;none&#8221; animation_delay=&#8221;200&#8243; width=&#8221;1\/4&#8243;]<\/p>\n<h5 class=\"member_body\" style=\"text-align: left;\">Warteck Invest AG<\/h5>\n<p style=\"text-align: left;\">M\u00fcnchensteinerstrasse 117<br \/>\n4053 Basel<\/p>\n<p class=\"member_body_website\" style=\"text-align: left;\"><a href=\"http:\/\/www.warteck-invest.ch\">www.warteck-invest.ch<\/a><\/p>\n<p>[\/spb_image] [spb_image image=&#8221;880&#8243; image_size=&#8221;full&#8221; frame=&#8221;noframe&#8221; caption_pos=&#8221;below&#8221; remove_rounded=&#8221;yes&#8221; fullwidth=&#8221;no&#8221; overflow_mode=&#8221;none&#8221; image_link=&#8221;http:\/\/www.swisscanto.ch&#8221; link_target=&#8221;_blank&#8221; lightbox=&#8221;no&#8221; intro_animation=&#8221;none&#8221; animation_delay=&#8221;200&#8243; width=&#8221;1\/4&#8243;]<\/p>\n<h5 class=\"member_body\" style=\"text-align: left;\">Z\u00fcrcher Kantonalbank<\/h5>\n<p class=\"member_body_adress\" style=\"text-align: left;\">Prime Tower<br \/>\nCase postale<br \/>\n8010 Z\u00fcrich<\/p>\n<p class=\"member_body_website\" style=\"text-align: left;\"><a href=\"http:\/\/www.swisscanto.ch\">www.swisscanto.ch<\/a><\/p>\n<p>[\/spb_image] [spb_image image=&#8221;882&#8243; image_size=&#8221;full&#8221; frame=&#8221;noframe&#8221; caption_pos=&#8221;below&#8221; remove_rounded=&#8221;yes&#8221; fullwidth=&#8221;no&#8221; overflow_mode=&#8221;none&#8221; image_link=&#8221;http:\/\/www.zurich.ch&#8221; link_target=&#8221;_blank&#8221; lightbox=&#8221;no&#8221; intro_animation=&#8221;none&#8221; animation_delay=&#8221;200&#8243; width=&#8221;1\/4&#8243; el_position=&#8221;last&#8221;]<\/p>\n<h5 class=\"member_body\" style=\"text-align: left;\">Z\u00fcrich Invest AG<\/h5>\n<p class=\"member_body_adress\" style=\"text-align: left;\">Hagenholzstrasse 60<br \/>\nCase postale<br \/>\n8050 Z\u00fcrich<\/p>\n<p class=\"member_body_website\" style=\"text-align: left;\"><a href=\"http:\/\/www.zurich.ch\">www.zurich.ch <\/a><\/p>\n<p>[\/spb_image] [spb_image image=&#8221;884&#8243; image_size=&#8221;full&#8221; frame=&#8221;noframe&#8221; caption_pos=&#8221;below&#8221; remove_rounded=&#8221;yes&#8221; fullwidth=&#8221;no&#8221; overflow_mode=&#8221;none&#8221; image_link=&#8221;http:\/\/www.zugestates.ch&#8221; link_target=&#8221;_blank&#8221; lightbox=&#8221;no&#8221; intro_animation=&#8221;none&#8221; animation_delay=&#8221;200&#8243; width=&#8221;1\/4&#8243; el_position=&#8221;first last&#8221;]<\/p>\n<h5 class=\"member_body\" style=\"text-align: left;\">Zug Estates Holding AG<\/h5>\n<p class=\"member_body_adress\" style=\"text-align: left;\">Industriestrasse 12<br \/>\n6300 Zug<\/p>\n<p class=\"member_body_website\" style=\"text-align: left;\"><a href=\"http:\/\/www.zugestates.ch\">www.zugestates.ch<\/a><\/p>\n<p>[\/spb_image] [\/spb_row]<\/p>\n","protected":false},"excerpt":{"rendered":"<p>[spb_text_block animation=&#8221;none&#8221; animation_delay=&#8221;0&#8243; simplified_controls=&#8221;yes&#8221; custom_css_percentage=&#8221;no&#8221; padding_vertical=&#8221;0&#8243; padding_horizontal=&#8221;0&#8243; margin_vertical=&#8221;0&#8243; custom_css=&#8221;margin-top: 0px;margin-bottom: 0px;&#8221; border_size=&#8221;0&#8243; border_styling_global=&#8221;default&#8221; width=&#8221;1\/2&#8243; el_position=&#8221;first&#8221;] L\u2019AIS propose aux investisseurs qui s\u2019engagent sur le march\u00e9 de l\u2019immobilier helv\u00e9tique de nombreux contacts dans le secteur, la politique et l\u2019\u00e9conomie, des informations \u00e0 valeur ajout\u00e9e ainsi que l\u2019assurance d\u2019un engagement sans faille en faveur de conditions-cadres optimales. Avantages pour les membres: un acc\u00e8s [&hellip;]<\/p>\n","protected":false},"author":3,"featured_media":0,"parent":0,"menu_order":0,"comment_status":"closed","ping_status":"closed","template":"","meta":{"inline_featured_image":false,"footnotes":""},"class_list":["post-782","page","type-page","status-publish","hentry"],"_links":{"self":[{"href":"https:\/\/www.vis-ais.ch\/fr\/wp-json\/wp\/v2\/pages\/782","targetHints":{"allow":["GET"]}}],"collection":[{"href":"https:\/\/www.vis-ais.ch\/fr\/wp-json\/wp\/v2\/pages"}],"about":[{"href":"https:\/\/www.vis-ais.ch\/fr\/wp-json\/wp\/v2\/types\/page"}],"author":[{"embeddable":true,"href":"https:\/\/www.vis-ais.ch\/fr\/wp-json\/wp\/v2\/users\/3"}],"replies":[{"embeddable":true,"href":"https:\/\/www.vis-ais.ch\/fr\/wp-json\/wp\/v2\/comments?post=782"}],"version-history":[{"count":130,"href":"https:\/\/www.vis-ais.ch\/fr\/wp-json\/wp\/v2\/pages\/782\/revisions"}],"predecessor-version":[{"id":106614,"href":"https:\/\/www.vis-ais.ch\/fr\/wp-json\/wp\/v2\/pages\/782\/revisions\/106614"}],"wp:attachment":[{"href":"https:\/\/www.vis-ais.ch\/fr\/wp-json\/wp\/v2\/media?parent=782"}],"curies":[{"name":"wp","href":"https:\/\/api.w.org\/{rel}","templated":true}]}}